{"id":3108,"date":"2015-05-04T22:13:45","date_gmt":"2015-05-04T20:13:45","guid":{"rendered":"http:\/\/www.azelot.fr\/?page_id=3108"},"modified":"2015-05-05T11:05:01","modified_gmt":"2015-05-05T09:05:01","slug":"es-vermois","status":"publish","type":"page","link":"https:\/\/www.azelot.fr\/?page_id=3108","title":{"rendered":"ES Vermois"},"content":{"rendered":"<p><span style=\"text-decoration: underline; color: #3cadca;\"><strong><span style=\"text-decoration: underline;\">Le club et les \u00e9quipes<\/span><\/strong><\/span><\/p>\n<p style=\"text-align: justify;\">L&rsquo;<span style=\"color: #ff0000;\"><strong>Entente Sportive du Vermois<\/strong><\/span> (ESV) est le club de football du Vermois. Pour la saison 2014\/2015, environ 40 licenci\u00e9s sont r\u00e9partis entre les 2 \u00e9quipes du club.<\/p>\n<ul>\n<li style=\"text-align: justify;\">Une \u00e9quipe \u00e9volue en <a title=\"Equipe v\u00e9t\u00e9rans\" href=\"https:\/\/www.azelot.fr\/?page_id=3110\">championnat v\u00e9t\u00e9rans<\/a> depuis la saison 2013\/2014<\/li>\n<\/ul>\n<p><a title=\"\u00c9quipe v\u00e9t\u00e9rans\" href=\"https:\/\/www.azelot.fr\/?page_id=3110\"><img loading=\"lazy\" decoding=\"async\" class=\"aligncenter wp-image-1305 \" src=\"https:\/\/lupcourt.files.wordpress.com\/2015\/03\/veterans_juin_2014.jpg\" alt=\"\" width=\"500\" height=\"285\" \/><\/a><\/p>\n<ul>\n<li>Une \u00e9quipe \u00e9volue en <a title=\"Equipe loisirs\" href=\"https:\/\/www.azelot.fr\/?page_id=3114\">championnat sports-loisirs<\/a><\/li>\n<\/ul>\n<p><a title=\"\u00c9quipe loisirs\" href=\"https:\/\/www.azelot.fr\/?page_id=3114\"><img loading=\"lazy\" decoding=\"async\" class=\"aligncenter wp-image-1311\" src=\"https:\/\/lupcourt.files.wordpress.com\/2015\/03\/loisirs_novembre_20141.jpg\" alt=\"\" width=\"500\" height=\"375\" \/><\/a><\/p>\n<p>L&rsquo;\u00e9quipe dirigeante de l&rsquo;association est compos\u00e9e par :<\/p>\n<ul>\n<li>Un Pr\u00e9sident, joueur de l&rsquo;\u00e9quipe v\u00e9t\u00e9rans : <span style=\"color: #ff9900;\">St\u00e9phane L\u00c9GER<\/span><\/li>\n<li>Un Secr\u00e9taire, joueur de l&rsquo;\u00e9quipe sports-loisirs : <span style=\"color: #ff9900;\">Fr\u00e9d\u00e9ric LOCHE<\/span><\/li>\n<li>Une Tr\u00e9sori\u00e8re : <span style=\"color: #ff9900;\">Celyne BOUCH\u00c9<\/span><\/li>\n<\/ul>\n<p>et des dirigeants pour les 2 \u00e9quipes :<\/p>\n<ul>\n<li>\u00c9quipe v\u00e9t\u00e9rans : <span style=\"color: #ff9900;\">Lionel OG\u00c9, Olivier WARISSE<\/span><\/li>\n<li>\u00c9quipe sports-loisirs : <span style=\"color: #ff9900;\">Fr\u00e9d\u00e9ric LOCHE, Bernard BIGAR\u00c9<\/span><\/li>\n<\/ul>\n<p>&nbsp;<\/p>\n<p><span style=\"text-decoration: underline; color: #3cadca;\"><strong><span style=\"text-decoration: underline;\">Les infrastructures<br \/>\n<\/span><\/strong><\/span><\/p>\n<p style=\"text-align: justify;\">Le stade r\u00e9sident de l&rsquo;ES Vermois est situ\u00e9 \u00e0 Azelot. Il est dot\u00e9 depuis cette saison de vestiaires.<\/p>\n<p><span style=\"text-decoration: underline; color: #3cadca;\"><strong><span style=\"text-decoration: underline;\">Les projets du club<br \/>\n<\/span><\/strong><\/span><\/p>\n<ul>\n<li style=\"text-align: justify;\">De fa\u00e7on \u00e0 \u00eatre en conformit\u00e9 avec les r\u00e8gles du district de football de Meurthe-et-Moselle sud, une main-courante sera pos\u00e9e sur une partie du pourtour du stade d\u00e8s la fin de cette saison.<\/li>\n<\/ul>\n<p>&nbsp;<\/p>\n","protected":false},"excerpt":{"rendered":"<p>Le club et les \u00e9quipes L&rsquo;Entente Sportive du Vermois (ESV) est le club de football du Vermois. Pour la saison 2014\/2015, environ 40 licenci\u00e9s sont r\u00e9partis entre les 2 \u00e9quipes du club. Une \u00e9quipe \u00e9volue en championnat v\u00e9t\u00e9rans depuis la&#8230;<br \/><a class=\"read-more-button\" href=\"https:\/\/www.azelot.fr\/?page_id=3108\">Savoir plus<\/a><\/p>\n","protected":false},"author":13,"featured_media":0,"parent":0,"menu_order":0,"comment_status":"open","ping_status":"open","template":"","meta":{"footnotes":""},"class_list":["post-3108","page","type-page","status-publish","hentry"],"_links":{"self":[{"href":"https:\/\/www.azelot.fr\/index.php?rest_route=\/wp\/v2\/pages\/3108","targetHints":{"allow":["GET"]}}],"collection":[{"href":"https:\/\/www.azelot.fr\/index.php?rest_route=\/wp\/v2\/pages"}],"about":[{"href":"https:\/\/www.azelot.fr\/index.php?rest_route=\/wp\/v2\/types\/page"}],"author":[{"embeddable":true,"href":"https:\/\/www.azelot.fr\/index.php?rest_route=\/wp\/v2\/users\/13"}],"replies":[{"embeddable":true,"href":"https:\/\/www.azelot.fr\/index.php?rest_route=%2Fwp%2Fv2%2Fcomments&post=3108"}],"version-history":[{"count":3,"href":"https:\/\/www.azelot.fr\/index.php?rest_route=\/wp\/v2\/pages\/3108\/revisions"}],"predecessor-version":[{"id":3121,"href":"https:\/\/www.azelot.fr\/index.php?rest_route=\/wp\/v2\/pages\/3108\/revisions\/3121"}],"wp:attachment":[{"href":"https:\/\/www.azelot.fr\/index.php?rest_route=%2Fwp%2Fv2%2Fmedia&parent=3108"}],"curies":[{"name":"wp","href":"https:\/\/api.w.org\/{rel}","templated":true}]}}